{"id":86,"date":"2022-09-26T07:45:43","date_gmt":"2022-09-26T05:45:43","guid":{"rendered":"http:\/\/new.wikzenekar.hu\/?page_id=86"},"modified":"2023-06-19T21:39:30","modified_gmt":"2023-06-19T19:39:30","slug":"vendegkonyv","status":"publish","type":"page","link":"https:\/\/www.wikzenekar.hu\/?page_id=86","title":{"rendered":"Vend\u00e9gk\u00f6nyv"},"content":{"rendered":"\n<p class=\"has-text-align-center\"><strong>A legfrissebb \u00e9lm\u00e9nybesz\u00e1mol\u00f3k\u00e9rt k\u00e9rj\u00fck, tekints\u00e9k meg <a rel=\"noreferrer noopener\" href=\"https:\/\/www.facebook.com\/wikzenekar\/reviews\" target=\"_blank\">Facebook <\/a>oldalunkat<\/strong>.<\/p>\n\n\n\n<div class=\"wp-block-buttons is-content-justification-center is-layout-flex wp-container-core-buttons-is-layout-16018d1d wp-block-buttons-is-layout-flex\">\n<div class=\"wp-block-button is-style-fill\"><a class=\"wp-block-button__link\" href=\"https:\/\/www.facebook.com\/wikzenekar\/reviews\" target=\"_blank\" rel=\"noreferrer noopener\">Facebook \u00e9rt\u00e9kel\u00e9sek<\/a><\/div>\n<\/div>\n\n\n\n<p><strong>No\u00e9mi \u00e9s B\u00e1lint<\/strong><\/p>\n\n\n\n<p>Kedves WIK zenekar! K\u00f6sz\u00f6nj\u00fck, hogy sz\u00ednvonalas, vid\u00e1m, hangulatos produkci\u00f3tolkal rengeteg \u00f6r\u00f6mteli pillanatot szereztetek nek\u00fcnk \u00e9s a n\u00e1szn\u00e9pnek!<\/p>\n\n\n\n<p>2021. augusztus 08. vas\u00e1rnap<\/p>\n\n\n\n<hr class=\"wp-block-separator has-alpha-channel-opacity\"\/>\n\n\n\n<p><strong>Farkas Bernadett<\/strong><\/p>\n\n\n\n<p>K\u00f6sz\u00f6nj\u00fck a kiv\u00e1l\u00f3 j\u00e1t\u00e9kot \u00e9s a korrekt hozz\u00e1\u00e1ll\u00e1st. Nem j\u00e1rt a n\u00e1szn\u00e9p a zenekarhoz zen\u00e9ket k\u00e9rni, mert j\u00f3 \u00edzl\u00e9ssel v\u00e1logatva, egym\u00e1s ut\u00e1n j\u00f6ttek a jobbn\u00e1l jobb sz\u00e1mok. Halasztani kellett a tort\u00e1t \u00e9s a gyertyaf\u00e9ny kering\u0151t, mert ezerrel t\u00e1ncoltak a vend\u00e9gek.Enn\u00e9l jobb referenci\u00e1t nem tudok \u00edrni \ud83d\ude42 \u00cdgy tov\u00e1bb!<\/p>\n\n\n\n<p>2019. j\u00falius 05. p\u00e9ntek<\/p>\n\n\n\n<hr class=\"wp-block-separator has-alpha-channel-opacity\"\/>\n\n\n\n<p><strong>Fazekas J\u00f3zsef<\/strong><\/p>\n\n\n\n<p>Kedves Zenekar!2019.05.25-n,fantasztikus hangulatot csin\u00e1ltatok a fiam lakodalm\u00e1n.K\u00f6sz\u00f6n\u00f6m nektek!Tov\u00e1bbi sok sikert.!<\/p>\n\n\n\n<p>2019. m\u00e1j. 26. vas\u00e1rnap<\/p>\n\n\n\n<hr class=\"wp-block-separator has-alpha-channel-opacity\"\/>\n\n\n\n<p><strong>\u00c1gi \u00e9s Jani<\/strong><\/p>\n\n\n\n<p>A Wik zenekar el\u00e9rte: eg\u00e9sz este t\u00e1ncoltunk a lagzinkon a v\u00e1ltozatos zen\u00e9kre. Nagyon tudom aj\u00e1nlani a zenekart azoknak, akik a mai \u00e9s az \u00f6r\u00f6kz\u00f6ld sz\u00e1mokat is hallan\u00e1k a nagy napjukon. K\u00f6sz\u00f6nj\u00fck!<\/p>\n\n\n\n<p>2019. m\u00e1j. 20. h\u00e9tf\u0151<\/p>\n\n\n\n<hr class=\"wp-block-separator has-alpha-channel-opacity\"\/>\n\n\n\n<p><strong>\u00c1gi \u00e9s Zoli<\/strong><\/p>\n\n\n\n<p>Kedves WIK Zenekar!<\/p>\n\n\n\n<p>K\u00f6sz\u00f6nj\u00fck ezt a csod\u00e1latos \u00e9lm\u00e9nyt, hogy a lakodalmunkat t\u00e9nyleg felejthetetlenn\u00e9 tett\u00e9tek! Fantasztikus hangulatot var\u00e1zsoltatok, t\u00e1ncos t\u00e1rsainkkal egy\u00fctt nagyon \u00e9lvezt\u00fck az eg\u00e9sz est\u00e9t. Reperto\u00e1lotok minden ig\u00e9nyt kiel\u00e9g\u00edt\u0151. Eg\u00e9sz esete szinte meg\u00e1ll\u00e1s n\u00e9lk\u00fcl bizots\u00edtott\u00e1tok a j\u00f3 zen\u00e9ket sz\u00e1munkra \u00e9s zseni\u00e1lis, hogy mennyire \u00e9lvezitek \u00e9s sz\u00edvb\u0151l, \u00f6r\u00f6mmel j\u00e1tszotok. &nbsp;Az eg\u00e9sz n\u00e1szn\u00e9p el\u00e9gedett volt \u00e9s csak potiz\u00edv visszajelz\u00e9sek voltak-vannak. V\u0151f\u00e9j\u00fcnkkel k\u00fcl\u00f6n k\u00f6sz\u00f6nj\u00fck a remek egy\u00fcttm\u0171k\u00f6d\u00e9st. Nagyon \u00f6r\u00fcl\u00fcnk, hogy r\u00e1tok esett a v\u00e1laszt\u00e1sunk. B\u00e1rkinek sz\u00edvesen aj\u00e1nlunk benneteket.<\/p>\n\n\n\n<p>Tov\u00e1bbi j\u00f3 muzsik\u00e1l\u00e1st \u00e9s sok ilyen remek bulit k\u00edv\u00e1nunk nektek!<\/p>\n\n\n\n<p>\u00c1gi \u00e9s Zoli&nbsp;<\/p>\n\n\n\n<p>Kisk\u0151r\u00f6s, 2018. 08. 18.<\/p>\n\n\n\n<p>2018. augusztus 29. szerda<\/p>\n\n\n\n<hr class=\"wp-block-separator has-alpha-channel-opacity\"\/>\n\n\n\n<p><strong>Kov\u00e1cs Gergely \u00e9s Kov\u00e1cs- Trisz Nikolett<\/strong><\/p>\n\n\n\n<p>Kedves WIK zenekar!<\/p>\n\n\n\n<p>M\u00falt h\u00e9tv\u00e9g\u00e9n egy hatalmas bulit csin\u00e1ltatok!! \ud83d\ude42 Az eg\u00e9sz n\u00e1szn\u00e9p t\u00e1ncolt, legyen id\u0151s fiatal, mindenki megtal\u00e1lta azt a zen\u00e9t ami a talpa al\u00e1 val\u00f3! \ud83d\ude42<\/p>\n\n\n\n<p>Hatalmas reperto\u00e1rral \u00e9s m\u00e9g nagyobb sz\u00edvvel \u00e9rkeztetek, amit nagyon k\u00f6sz\u00f6n\u00fcnk!! \ud83d\ude42<\/p>\n\n\n\n<p>Elmondhatom, minden vend\u00e9g\u00fcnk \u00fagy ment haza, hogy fantasztikus volt a zenekar! \ud83d\ude42<\/p>\n\n\n\n<p>Nagyon \u00f6r\u00fcl\u00fcnk, hogy r\u00e1tok tal\u00e1ltunk \u00e9s ott voltatok vel\u00fcnk \u00e9let\u00fcnk ezen gy\u00f6ny\u00f6r\u0171 napj\u00e1n \ud83d\ude42<\/p>\n\n\n\n<p>Minden j\u00f3t k\u00edv\u00e1nunk!<\/p>\n\n\n\n<p>\u00dcdv,<\/p>\n\n\n\n<p>Niki &amp; Gerg\u0151<\/p>\n\n\n\n<p>Baja<\/p>\n\n\n\n<p>2018.05.19<\/p>\n\n\n\n<p>2018. m\u00e1j. 26. szombat<\/p>\n\n\n\n<hr class=\"wp-block-separator has-alpha-channel-opacity\"\/>\n\n\n\n<p><strong>Pap Zolt\u00e1n<\/strong><\/p>\n\n\n\n<p>Kedves Zenekar,<\/p>\n\n\n\n<p>Nagyon j\u00f3 talpal\u00e1val\u00f3t j\u00e1tszottatok az esk\u00fcv\u0151nk\u00f6n.<\/p>\n\n\n\n<p>Szeretn\u00e9m itt is megk\u00f6sz\u00f6nni a munk\u00e1t&amp;hangulatot amit termettetek. A n\u00e1szn\u00e9p t\u00f6bb tagja \u00e9rdekl\u0151d\u00f6tt, ki volt ez a zenekar \u00e9s honnan j\u00f6ttek, mert a k\u00f6rny\u00e9kben nem szoktak ennyire hangulatos \u00e9s bar\u00e1ts\u00e1gos zenekarral tal\u00e1lkozni.<\/p>\n\n\n\n<p>A zen\u00e9szek felk\u00e9sz\u00fcltek, tapasztaltak, rutinosak \u00e9s figyelnek a mulatoz\u00f3k \u00edzl\u00e9svil\u00e1g\u00e1ra, ehhez igaz\u00edtj\u00e1k portf\u00f3li\u00f3jukat l\u00e1tva, hogy mely zen\u00e9kre indul be a bugi \ud83d\ude42<\/p>\n\n\n\n<p>M\u00e9g egyszer nagy k\u00f6sz\u00f6net, hogy ilyen messzire elj\u00f6ttetek \u00e9s feldobt\u00e1tok az esk\u00fcv\u0151nk hangulat\u00e1t.<\/p>\n\n\n\n<p>K\u00f6sz\u00f6nettel,<\/p>\n\n\n\n<p>Gina \u00e9s Zoli<\/p>\n\n\n\n<p>2017. augusztus 21. h\u00e9tf\u0151<\/p>\n\n\n\n<hr class=\"wp-block-separator has-alpha-channel-opacity\"\/>\n\n\n\n<p><strong>Anik\u00f3 \u00e9s Fernc<\/strong><\/p>\n\n\n\n<p>Kedves Csilla \u00e9s Istv\u00e1n!<\/p>\n\n\n\n<p>Zen\u00e9tekkel feldobt\u00e1tok lagzinkat. Demo alapj\u00e1n v\u00e1lasztottunk Titeket, a val\u00f3s\u00e1g sokkal \u00e9lvezetesebb volt. Sz\u00e1munkra nagy \u00f6r\u00f6m volt, hogy a zenekar val\u00f3ban \u0151szinte \u00f6r\u00f6mmel zen\u00e9l, \u00e9s ez mag\u00e1val ragadta a k\u00f6z\u00f6ns\u00e9g\u00e9t is. A zen\u00e9hez \u00e9s az \u00e9nekhez n\u00e1lunk jobban \u00e9rt\u0151k is csak dics\u00e9rni tudt\u00e1k m\u0171v\u00e9szeteket, a szem\u00e9lyes kedvess\u00e9geteket k\u00fcl\u00f6n k\u00f6sz\u00f6nj\u00fck:<\/p>\n\n\n\n<p>Anik\u00f3 \u00e9s Ferenc<\/p>\n\n\n\n<p>2017. augusztus 05. szombat<\/p>\n\n\n\n<hr class=\"wp-block-separator has-alpha-channel-opacity\"\/>\n\n\n\n<p><strong>Viola \u00e9s Pisti G\u00f6d\u00f6ll\u0151r\u0151l<\/strong><\/p>\n\n\n\n<p>Kedves WIK zenekar!<\/p>\n\n\n\n<p>Nagyon k\u00f6sz\u00f6nj\u00fck ezt a csod\u00e1latos est\u00e9t, k\u00f6z\u00f6s \u00e9let\u00fcnk egyik legeml\u00e9kezetesebb napj\u00e1t t\u00e9nyleg felejthetetlenn\u00e9 var\u00e1zsolt\u00e1tok! Fantasztikus hangulatot teremtettetek, let\u00e1ncoltuk a l\u00e1bunkat. \ud83d\ude42 Zeneileg is nagyon magas sz\u00ednvonalon, az este kezdet\u00e9t\u0151l eg\u00e9szen hajnalig helyt \u00e1lltatok, remek zen\u00e9ket j\u00e1tszottatok, mindenkit\u0151l csak pozit\u00edv visszajelz\u00e9st kaptunk. Nagyon \u00f6r\u00fcl\u00f6k, hogy Titeket v\u00e1lasztottunk az esk\u00fcv\u0151nkre. \ud83d\ude42<\/p>\n\n\n\n<p>Minden j\u00f3t k\u00edv\u00e1nunk Nektek!<\/p>\n\n\n\n<p>\u00dcdv\u00f6zlettel:<\/p>\n\n\n\n<p>Viola \u00e9s Pisti<\/p>\n\n\n\n<p>2017.04.21.<\/p>\n\n\n\n<p>2017. \u00e1prilis 23. vas\u00e1rnap<\/p>\n\n\n\n<hr class=\"wp-block-separator has-alpha-channel-opacity\"\/>\n\n\n\n<p><strong>Judit<\/strong><\/p>\n\n\n\n<p>Kedves WIK Zenekar,Csilla,Istv\u00e1n \u00e9s Feri!<br>Szeretn\u00e9nk megk\u00f6sz\u00f6nni mindazt,amit az elm\u00falt h\u00e9tv\u00e9g\u00e9n csin\u00e1ltatok&#8230;.EGY FERGETEGES BULIT:) Az interneten kereszt\u00fcl tal\u00e1ltunk R\u00e1tok\/tal\u00e1ltatok R\u00e1nk,\u00e9s \u00fagy gondoljuk,hogy a legjobb d\u00f6nt\u00e9s\u00fcnk volt a Wik Family Band-et v\u00e1lasztani!Ez a kis k\u00e9p \u00f6nmag\u00e1\u00e9rt besz\u00e9l:)<br>K\u00fcl\u00f6n k\u00f6sz\u00f6net Csill\u00e1nak,aki betegen is mikrofon m\u00f6g\u00e9 \u00e1llt(amit persze csak reggel tudtunk meg),ez\u00faton szeretn\u00e9nk neki miel\u0151bbi gy\u00f3gyul\u00e1st,a Zenekarnak pedig tov\u00e1bbi sok sikert,\u00e9s sok sok ilyen bulit k\u00edv\u00e1nni!<br>Szeretettel:Judit \u00e9s Andris B\u0151s\u00e1rk\u00e1nyb\u00f3l<\/p>\n\n\n\n<p>2016. szeptember 26. h\u00e9tf\u0151<\/p>\n\n\n\n<hr class=\"wp-block-separator has-alpha-channel-opacity\"\/>\n\n\n\n<p><strong>Kohajda Zsuzsanna \u00e9s Kurunczi J\u00e1nos<\/strong><\/p>\n\n\n\n<p>Kedves Csilla, Istv\u00e1n \u00e9s Feri!<\/p>\n\n\n\n<p>Szeretn\u00e9k k\u00f6sz\u00f6netet mondani a 2016.09.10-\u00e9n D\u00e1nyon tartott esk\u00fcv\u0151nk\u00f6n ny\u00fajtott zenei szolg\u00e1ltat\u00e1sotok\u00e9rt. Remek hangulatot var\u00e1zsoltatok az els\u0151 perct\u0151l kezdve, szinte sz\u00fcnet n\u00e9lk\u00fcl j\u00e1tszottatok, mindenkit\u0151l azt hallottuk vissza, hogy nagyon tetszett nekik a zene, mindenki megtal\u00e1lta a kedv\u00e9re val\u00f3t. Az \u00e9tteremben azt mondt\u00e1k, hogy \u00e9vek \u00f3ta nem j\u00e1rt n\u00e1luk ilyen j\u00f3 zenekar.<\/p>\n\n\n\n<p>K\u00f6sz\u00f6nj\u00fck m\u00e9g1x \u00e9s sok sikert k\u00edv\u00e1nunk a tov\u00e1bbiakban is.<\/p>\n\n\n\n<p>\u00dcdv.<\/p>\n\n\n\n<p>Zs. + J.<\/p>\n\n\n\n<p>2016. szeptember 13. kedd<\/p>\n\n\n\n<hr class=\"wp-block-separator has-alpha-channel-opacity\"\/>\n\n\n\n<p><strong>Herczegn\u00e9 Polonyi Szilvia<\/strong><\/p>\n\n\n\n<p>Kedves Csilla \u00e9s Istv\u00e1n!<\/p>\n\n\n\n<p>Szeretn\u00e9nk megk\u00f6sz\u00f6nni Nektek a fantasztikus hangulatot, amit augusztus 19-\u00e9n, G\u00f6d\u00f6n tartott esk\u00fcv\u0151nkre var\u00e1zsoltatok. Pontosan eltal\u00e1lt\u00e1tok a n\u00e1szn\u00e9p vegyes koroszt\u00e1ly\u00e1nak tetsz\u0151 zen\u00e9ket, sokan megjegyezt\u00e9k a bar\u00e1taink k\u00f6z\u00fcl, hogy ilyen j\u00f3 zen\u00e9kre \u00e9s ennyit m\u00e9g \u00e9let\u00fckben nem t\u00e1ncoltak. Voltak rokonaim, akiket m\u00e9g \u00e9letemben nem l\u00e1ttam t\u00e1ncolni, de m\u00e9g \u0151k is hajnalig ropt\u00e1k!!!<\/p>\n\n\n\n<p>Az\u00f3ta is aj\u00e1nlunk Titeket minden h\u00e1zasuland\u00f3 bar\u00e1tunknak, ismer\u0151s\u00fcnknek, mert csak j\u00f3l j\u00e1rhatnak, ha a WIK Zenekart v\u00e1lasztj\u00e1k!<\/p>\n\n\n\n<p>\u00dcdv\u00f6zlettel:<\/p>\n\n\n\n<p>Szilvi \u00e9s Gyuri<\/p>\n\n\n\n<p>2016. szeptember 13. kedd<\/p>\n\n\n\n<hr class=\"wp-block-separator has-alpha-channel-opacity\"\/>\n\n\n\n<p><strong>Szil\u00e1gyi J\u00e1nos<\/strong><\/p>\n\n\n\n<p>Kedves WIK Zenekar!<\/p>\n\n\n\n<p>Internetes keresg\u00e9l\u00e9s sor\u00e1n tal\u00e1ltunk R\u00e1tok, \u00e9s hihetetlen szerencs\u00e9nk volt, hogy Titeket v\u00e1lasztottunk. Fergeteges hangulat kerekedett a lakodalmunkon a Ti k\u00f6zrem\u0171k\u00f6d\u00e9setekkel. Az orsz\u00e1g m\u00e1sik v\u00e9g\u00e9b\u0151l \u00e9rkez\u0151 vend\u00e9geink is azt k\u00e9rdezgett\u00e9k buli k\u00f6zben, hogy honnan j\u00f6ttetek, volt aki azt hitte, am\u00edg nem l\u00e1tott k\u00f6zelr\u0151l \u00e9nekelni Benneteket, hogy playback-eltek <img loading=\"lazy\" decoding=\"async\" src=\"\" alt=\"laughing\" width=\"18\" height=\"18\">&nbsp;mert annyira j\u00f3l hangzott az el\u0151adott dal.<\/p>\n\n\n\n<p>Sok sikert k\u00edv\u00e1nunk Nektek, a h\u00e1zasuland\u00f3knak pedig azt, hogy tal\u00e1ljanak R\u00e1tok, mert garant\u00e1lt a t\u00f6k\u00e9letes zene \u00e9s sz\u00f3rakoz\u00e1s Veletek!<\/p>\n\n\n\n<p>K\u00f6sz\u00f6nj\u00fck: D\u00f3ra \u00e9s Jani<\/p>\n\n\n\n<p>2016. szeptember 07. szerda<\/p>\n\n\n\n<hr class=\"wp-block-separator has-alpha-channel-opacity\"\/>\n\n\n\n<p><strong>Edina<\/strong><\/p>\n\n\n\n<p>Kedves Csilla \u00e9s Istv\u00e1n!<\/p>\n\n\n\n<p>Szeretn\u00e9nk k\u00f6sz\u00f6netet mondani, hogy 2016. augusztus 27-\u00e9n a lagzinkon ilyen fergeteges hangulatot teremtettetek. Sz\u00fcnet n\u00e9lk\u00fcl j\u00e1tszottatok, m\u00e1r a vacsor\u00e1n\u00e1l mindenki azt k\u00e9rdezte, honnan j\u00f6ttetek \u00e9s hogy honnan tudtunk ennyire j\u00f3 zenekart szerezni?!? Minden v\u00e1rakoz\u00e1sunkat fel\u00fcl m\u00falt\u00e1tok. Sz\u00fcnet n\u00e9lk\u00fcl zen\u00e9ltetek, nagyon j\u00f3 zen\u00e9ket, kedvenceket, mulat\u00f3sat, b\u00e1rmit k\u00e9rt\u00fcnk azonnal teljes\u00edtett\u00e9tek. A legjobb d\u00f6nt\u00e9s volt benneteket v\u00e1lasztani. B\u00e1rkinek j\u00f3 sz\u00edvvel aj\u00e1nlom a zenekarotokat. Nagyon kedves embereket ismertem meg \u00e1ltalatok.<br>A lehet\u0151 legjobb bulikat, lagzikat k\u00edv\u00e1nom nektek a tov\u00e1bbiakban. M\u00e9g egyszer szeretn\u00e9nk megk\u00f6sz\u00f6nni, hogy a nagy napunkat felejthetetlenn\u00e9 tett\u00e9tek.<\/p>\n\n\n\n<p>Edina \u00e9s Sanyi<\/p>\n\n\n\n<p>2016. szeptember 03. szombat<\/p>\n\n\n\n<hr class=\"wp-block-separator has-alpha-channel-opacity\"\/>\n\n\n\n<p><strong>Bitter Ferenc<\/strong><\/p>\n\n\n\n<p>Kedves WIK zenekar!<\/p>\n\n\n\n<p>K\u00f6sz\u00f6nj\u00fck, hogy felejthetetlenn\u00e9 tett\u00e9k ezt az \u00e9jszak\u00e1t! Minden tisztelet\u00fcnk az \u00d6n\u00f6k\u00e9, hogy sz\u00fcnet n\u00e9lk\u00fcl v\u00e9gig zen\u00e9lt\u00e9k.&nbsp;M\u00e1r az elej\u00e9n tudtuk, hogy j\u00f3 hangulat lesz eg\u00e9sz \u00e9jjel, mert az elej\u00e9t\u0151l fogva t\u00e1ncoltak a parketten. Nagyon j\u00f3 sz\u00edvvel aj\u00e1nljuk m\u00e1soknak is.<\/p>\n\n\n\n<p>M\u00f3nika \u00e9s Ferenc,<\/p>\n\n\n\n<p>Feh\u00e9rv\u00e1rcsurg\u00f3<\/p>\n\n\n\n<p>2016. augusztus 14. vas\u00e1rnap<\/p>\n\n\n\n<hr class=\"wp-block-separator has-alpha-channel-opacity\"\/>\n\n\n\n<p><strong>Lenke \u00e9s Pisti Baja 2016.06.25<\/strong><\/p>\n\n\n\n<p>Kedves WIK zenekar!<\/p>\n\n\n\n<p>Az esk\u00fcv\u0151 szervez\u00e9s k\u00f6zben a zenekar kiv\u00e1laszt\u00e1s\u00e1t\u00f3l f\u00e9lt\u00fcnk a legjobban. Szem\u00e9lyes tal\u00e1lkoz\u00f3 h\u00edj\u00e1n a honlapon szerepl\u0151 vide\u00f3k alapj\u00e1n v\u00e1lasztottuk ki \u00d6n\u00f6ket,\u00e9s b\u00edztunk benne,hogy nem fogjuk megb\u00e1nni. Elj\u00f6tt az esk\u00fcv\u0151 napja, \u00e9s az els\u0151 lej\u00e1tszott sz\u00e1m ut\u00e1n tudtuk,hogy enn\u00e9l jobban nem is d\u00f6nthett\u00fcnk volna. M\u00e1r az este folyam\u00e1n sorra j\u00f6ttek a vend\u00e9gek, hogy ilyen j\u00f3 zenekarral m\u00e9g nem tal\u00e1lkoztak,\u00e9s az\u00f3ta is folyamatosan dics\u00e9rik \u00d6n\u00f6ket.<\/p>\n\n\n\n<p>Ez\u00faton szeretn\u00e9nk megk\u00f6sz\u00f6nni a profizmusukat, a hozz\u00e1\u00e1ll\u00e1sukat, a rugalmass\u00e1gukat,\u00e9s hogy azt kaptuk \u00d6n\u00f6kt\u0151l,amit meg\u00edg\u00e9rtek.K\u00f6sz\u00f6nj\u00fck,hogy ilyen fergeteges hangulatot var\u00e1zsoltak a lakodalmunkra!<\/p>\n\n\n\n<p>Mindenkinek csak aj\u00e1nlani tudjuk \u00d6n\u00f6ket,\u00e9s ha b\u00e1rki k\u00e9rdez minket zenekarral kapcsolatban, akkor biztos,hogy csakis a WIK zenekart fogjuk javasolni!<\/p>\n\n\n\n<p>Tov\u00e1bbi minden j\u00f3t k\u00edv\u00e1nunk \u00d6n\u00f6knek!<\/p>\n\n\n\n<p>Lenke \u00e9s Pisti&nbsp;<\/p>\n\n\n\n<p>2016. j\u00fanius 28. kedd<\/p>\n\n\n\n<hr class=\"wp-block-separator has-alpha-channel-opacity\"\/>\n\n\n\n<p><strong>Bea \u00e9s Zoli Esztergom 2016.06.04.<\/strong><\/p>\n\n\n\n<p>Kedves WIK!<\/p>\n\n\n\n<p>Szeretn\u00e9nk megk\u00f6sz\u00f6nni mindazt a sok j\u00f3 zen\u00e9t, azt a rugalmass\u00e1got,kedvess\u00e9get \u00e9s mindent amit t\u0151letek kaptunk a mi nagy napunkon.<\/p>\n\n\n\n<p>M\u00e1r 1 h\u00e9t telt el a lakodalom \u00f3ta, de m\u00e9g mindig mindenki 24\u00f3r\u00e1ban emlegeti a j\u00f3 zenekart, a j\u00f3 zen\u00e9ket.<\/p>\n\n\n\n<p>Nagyon \u00f6r\u00fcl\u00fcnk, hogy titeket v\u00e1lasztottunk \u00e9s &nbsp;ha valakinek sz\u00fcks\u00e9ge lesz zen\u00e9szekre biztos,hogy aj\u00e1nlani fogunk titeket.<\/p>\n\n\n\n<p>Minden j\u00f3t k\u00edv\u00e1nunk!<\/p>\n\n\n\n<p>Bea \u00e9s Zoli<\/p>\n\n\n\n<p>2016. j\u00fanius 12. vas\u00e1rnap<\/p>\n\n\n\n<hr class=\"wp-block-separator has-alpha-channel-opacity\"\/>\n\n\n\n<p><strong>Vanda \u00e9s Attila<\/strong><\/p>\n\n\n\n<p>Kedves Zenekar!<\/p>\n\n\n\n<p>Le a kalappal \u00d6n\u00f6k el\u0151tt, minden v\u00e1rakoz\u00e1st fel\u00fclm\u00faltak. Nagyon j\u00f3 hangulatot teremtettek, mindenkit\u0151l csak pozit\u00edv visszajelz\u00e9st, elismer\u0151 szavakat kaptunk. Nyugodt sz\u00edvvel aj\u00e1nljuk a zenekart esk\u00fcv\u0151 el\u0151tt \u00e1ll\u00f3 ismer\u0151seinknek. Az egyik koszor\u00fasl\u00e1nyunk m\u00e9g s\u00edrt is, amikor a sz\u00fclei hazaindultak a hugic\u00e1j\u00e1val, annyira maradt volna m\u00e9g t\u00e1ncolni. <img loading=\"lazy\" decoding=\"async\" src=\"\" alt=\"smile\" width=\"18\" height=\"18\"><\/p>\n\n\n\n<p>K\u00f6sz\u00f6nj\u00fck ezt a felejthetetlen est\u00e9t!<\/p>\n\n\n\n<p>Vanda \u00e9s Attila<\/p>\n\n\n\n<p>2016. j\u00fanius 01. szerda<\/p>\n\n\n\n<hr class=\"wp-block-separator has-alpha-channel-opacity\"\/>\n\n\n\n<p><strong>Varga-Horv\u00e1th Vikt\u00f3ria<\/strong><\/p>\n\n\n\n<p>Kedves WIK zenekar!<\/p>\n\n\n\n<p>Szeretn\u00e9nk nagyon-nagyon megk\u00f6sz\u00f6nni, hogy az esk\u00fcv\u0151nk\u00f6n ilyen j\u00f3 hangulatot siker\u00fclt var\u00e1zsolni!&nbsp;<\/p>\n\n\n\n<p>Felejthetetlenre siker\u00fclt a MI napunk \u00e9s ez (a sok minden m\u00e1s mellett) a talpal\u00e1val\u00f3nak k\u00f6sz\u00f6nhet\u0151 tal\u00e1n a legjobban!<\/p>\n\n\n\n<p>B\u00e1tran mondhatom, hogy aj\u00e1nlani fogunk benneteket ha esk\u00fcv\u0151t szimatolunk a leveg\u0151ben valamelyik ismer\u0151s\u00fcnkn\u00e9l!!!!<\/p>\n\n\n\n<p>K\u00f6sz\u00f6n\u00f6m a r\u00e1aad\u00e1s m\u00e1sf\u00e9l \u00f3r\u00e1t is!!!! \ud83d\ude00 Le a kalappal, hogy f\u00e9l \u00f6tig ment a haddelhadd, ilyen kev\u00e9s sz\u00fcnettel! Hogy van a torkotok???<\/p>\n\n\n\n<p>Vide\u00f3t \u00e9s k\u00e9peket majd k\u00fcld\u00fcnk nektek!<\/p>\n\n\n\n<p>\u00dcdv\u00f6zlettel: Varga-Horv\u00e1th Vikt\u00f3ria \u00e9s Varga Zolt\u00e1n<\/p>\n\n\n\n<p>2016. m\u00e1j. 30. h\u00e9tf\u0151<\/p>\n\n\n\n<hr class=\"wp-block-separator has-alpha-channel-opacity\"\/>\n\n\n\n<p><strong>\u00c1gnes \u00e9s Zolt\u00e1n<\/strong><\/p>\n\n\n\n<p>Kedves WIK zenekar!<\/p>\n\n\n\n<p>K\u00f6sz\u00f6nj\u00fck, hogy a zen\u00e9tekkel hozz\u00e1j\u00e1rultatok a sz\u00e1munkra \u00f6r\u00f6k \u00e9lm\u00e9nyt ad\u00f3 lakodalmunk sikeres lebonyol\u00edt\u00e1s\u00e1hoz.<\/p>\n\n\n\n<p>T\u00f6bb is volt ez, mint zene: igazi BULI volt!<\/p>\n\n\n\n<p>Pontosan azok a sz\u00e1mok \u00e9s st\u00edlusok sz\u00f3ltak, amiket szeret\u00fcnk; \u00e9s m\u00e9g azok a vend\u00e9gek is t\u00e1ncoltak, akikr\u0151l ezt soha sem gondoltuk volna \ud83d\ude42<\/p>\n\n\n\n<p>Ha valaki DJ-t h\u00edvna a lakodalm\u00e1ba, az felejtse el ezt gyorsan, \u00e9s ink\u00e1bb d\u00f6nts\u00f6n az \u00e9l\u0151zene \u00e9s a WIK zenekar mellett! Nem fogja megb\u00e1nni.<\/p>\n\n\n\n<p>Minden j\u00f3t k\u00edv\u00e1nunk!<\/p>\n\n\n\n<p>(Majd k\u00fcld\u00fcnk k\u00e9peket \u00e9s vide\u00f3t is, ha siker\u00fclt mindet \u00f6sszegy\u0171jteni \u00e9s kiv\u00e1logatni.)<\/p>\n\n\n\n<p>\u00c1gnes \u00e9s Zolt\u00e1n&nbsp;<\/p>\n\n\n\n<p>2016. m\u00e1j. 16. h\u00e9tf\u0151<\/p>\n\n\n\n<hr class=\"wp-block-separator has-alpha-channel-opacity\"\/>\n\n\n\n<p><strong>De\u00e1k Atina<\/strong><\/p>\n\n\n\n<p>Sziasztok!<\/p>\n\n\n\n<p>Nagyon j\u00f3l d\u00f6nt\u00f6tt\u00fcnk, amikor titeket v\u00e1lasztottunk, szuper hangulatot csin\u00e1ltatok nek\u00fcnk! \ud83d\ude42<\/p>\n\n\n\n<p>Amint megkapjuk a hivatalos fot\u00f3s k\u00e9peit, p\u00e1rat majd k\u00fcld\u00fcnk Nektek is.<\/p>\n\n\n\n<p>Addig pedig nagyon k\u00f6sz\u00f6nj\u00fck, hogy ott voltatok vel\u00fcnk eg\u00e9sz nap \u00e9s emelt\u00e9tek a nagy napunk f\u00e9ny\u00e9t, vend\u00e9geink is csak d\u00edcs\u00e9rtek Titeket.<\/p>\n\n\n\n<p>K\u00f6sz\u00f6nj\u00fck \u00e9s tov\u00e1bbi hasonl\u00f3an j\u00f3 hangulat\u00fa zen\u00e9l\u00e9st k\u00edv\u00e1nunk Nektek:<\/p>\n\n\n\n<p>Atina &amp; Laci<\/p>\n\n\n\n<p>2016. \u00e1prilis 27. szerda<\/p>\n\n\n\n<hr class=\"wp-block-separator has-alpha-channel-opacity\"\/>\n\n\n\n<p><strong>Batk\u00e1n\u00e9 Hajnal No\u00e9mi<\/strong><\/p>\n\n\n\n<p>Sziasztok!<\/p>\n\n\n\n<p>Szavak nincsenek r\u00e1, hogy milyen szuperek vagytok! Nagyon k\u00f6sz\u00f6nj\u00fck, hogy m\u00e9g feledhetetlenebb\u00e9 tett\u00e9tek a Nagy napunkat!<\/p>\n\n\n\n<p>Csak aj\u00e1nlani tudunk Titeket!<\/p>\n\n\n\n<p>K\u00f6sz\u00f6nj\u00fck a fergeteges hangulatot!<\/p>\n\n\n\n<p>No\u00e9mi \u00e9s Norbi<\/p>\n\n\n\n<p>2016. \u00e1prilis 20. szerda<\/p>\n\n\n\n<hr class=\"wp-block-separator has-alpha-channel-opacity\"\/>\n\n\n\n<p><strong>Zsuzsi&amp;Robi<\/strong><\/p>\n\n\n\n<p>Kedves WIK Zenekar, Csilla, Istv\u00e1n \u00e9s Ferenc!<\/p>\n\n\n\n<p>Nagyon k\u00f6sz\u00f6nj\u00fck az esk\u00fcv\u0151nk fergeteges hangulat\u00e1nak biztos\u00edt\u00e1s\u00e1t.<br>Jobb zenekart nem is tal\u00e1lhattunk volna. \ud83d\ude42<br><br>Mell\u00e9kelve k\u00fcld\u00fcnk p\u00e1r k\u00e9pet.<br><br>K\u00f6sz\u00f6n\u00fcnk sz\u00e9pen mindent!!!<br><br>Sz\u00e9p est\u00e9t!<br><br>Zsuzsi&amp;Robi<\/p>\n\n\n\n<p>2016. febru\u00e1r 16. kedd<\/p>\n\n\n\n<hr class=\"wp-block-separator has-alpha-channel-opacity\"\/>\n\n\n\n<p><strong>Andr\u00e1s \u00e9s Reni<\/strong><\/p>\n\n\n\n<p>Sziasztok!<\/p>\n\n\n\n<p>Szeptemberben volt az esk\u00fcv\u0151nk. Akkora bulit hozott \u00f6ssze a zenekar, hogy r\u00e1ad\u00e1st kellett k\u00e9rn\u00fcnk t\u0151l\u00fck. Nem hazudok, ha azt mondom, ha \u0151k nincsenek, nem lett volna ilyen szuper a hangulat. Nem csak zen\u00e9ltek, de j\u00e1t\u00e9kkal is emelt\u00e9k a hangulatot \u00e9s megmozgattak mindenkit. Tiszta sz\u00edvvel aj\u00e1nlom\/aj\u00e1ljuk \u0151ket\/titeket!<\/p>\n\n\n\n<p>Nagyon k\u00f6sz\u00f6nj\u00fck, hogy eml\u00e9kezetess\u00e9 tett\u00e9tek nek\u00fcnk, ezt a napot!<\/p>\n\n\n\n<p>2015. okt\u00f3ber 14. szerda<\/p>\n\n\n\n<hr class=\"wp-block-separator has-alpha-channel-opacity\"\/>\n\n\n\n<p><strong>T\u00e1bori L\u00e1szl\u00f3<\/strong><\/p>\n\n\n\n<p>Kedves Csilla, Pisti, \u00e9s Tomi!<\/p>\n\n\n\n<p>Azt hiszem az ifj\u00fa p\u00e1r, \u00e9s a vend\u00e9gek nev\u00e9ben is b\u00e1tran le\u00edrhatom, hogy ilyen fergeteges hangulat\u00fa lakodalmat csak egy ilyen \u00edzig-v\u00e9rig profi zenekar k\u00e9pes csin\u00e1lni mint Ti. Ha nem ismertelek volna benneteket, akkor is hanyatt estem volna ett\u0151l a szinvonalt\u00f3l, de mint szakmabeli mondhatom, kalapot emelek el\u0151ttetek, \u00e9s nagyon k\u00f6sz\u00f6nj\u00fck a szinte sz\u00fcnet n\u00e9lk\u00fcli profi mulattat\u00e1st. Tov\u00e1bbi munk\u00e1tokhoz nagyon sok sikert k\u00edv\u00e1nunk!<\/p>\n\n\n\n<p>V\u00e9ber, \u00e9s T\u00e1bori csal\u00e1d<\/p>\n\n\n\n<p>2015. szeptember 01. kedd<\/p>\n\n\n\n<hr class=\"wp-block-separator has-alpha-channel-opacity\"\/>\n\n\n\n<p><strong>Betti es Csabi<\/strong><\/p>\n\n\n\n<p>Kedves Wik Zenekar!<\/p>\n\n\n\n<p>Ezuton szeretnenk megkoszonni azt a felejthetetlen napot amiben reszt vettetek es nekunk szunet nelkul szolgaltattatok a zenet ,hogy mi is es a nasznep is fergetegesen erezze magat. Hihetetlenul szuper lakodalom volt, koszonheto nektek es a fergeteges zeneteknek. Mindenkinek csak ajanlani tudom mert meg egy ilyen szuper zenekart es csapatot sehol nem talani.A nasznep sok lakodalomban megfordult mar , de ilyen jo zenekart meg nem lattak. &nbsp;Megegyszer nagyon koszonjuk az egesz napot nektek.<\/p>\n\n\n\n<p>2015. augusztus 18. kedd<\/p>\n\n\n\n<hr class=\"wp-block-separator has-alpha-channel-opacity\"\/>\n\n\n\n<p><strong>Katalin \u00e9s Tam\u00e1s<\/strong><\/p>\n\n\n\n<p>Kedves Wikzenkar!&nbsp;<\/p>\n\n\n\n<p>Nagyon sz\u00e9pen k\u00f6sz\u00f6nj\u00fck, hogy profi zen\u00e9tekkel hozz\u00e1j\u00e1rultatok ahhoz, hogy az esk\u00fcv\u0151nk felejthetetlen legyen!<\/p>\n\n\n\n<p>Nagyon j\u00f3 bulit csin\u00e1ltatok, mindenki j\u00f3l \u00e9rezte mag\u00e1t, mindenkinek csak aj\u00e1nlani tudunk Titeket!<\/p>\n\n\n\n<p>K\u00f6sz\u00f6nj\u00fck!<\/p>\n\n\n\n<p>Kati \u00e9s Tomi<\/p>\n\n\n\n<p>2015. augusztus 14. p\u00e9ntek<\/p>\n\n\n\n<hr class=\"wp-block-separator has-alpha-channel-opacity\"\/>\n\n\n\n<p><strong>Fercsi-Farkas M\u00f3nika \u00e9s Fercsi Andr\u00e1s<\/strong><\/p>\n\n\n\n<p>Kedves Wik Zenekar!<\/p>\n\n\n\n<p>Ez\u00faton is szeretn\u00e9nk megk\u00f6sz\u00f6nni az esk\u00fcv\u0151nk\u00f6n ny\u00fajtott kimagasl\u00f3 teljes\u00edtm\u00e9nyeteket. Az els\u0151 perct\u0151l az utols\u00f3ig, mindenki nagyon j\u00f3l \u00e9rezte mag\u00e1t, h\u00e1la nektek.<\/p>\n\n\n\n<p>Nagyon tetszett a v\u00e1ltozatos zenei k\u00edn\u00e1lat, \u00e9s nagyon j\u00f3 d\u00f6nt\u00e9s volt hogy titeket v\u00e1lasztottunk. Mindenkinek csak aj\u00e1nlani tudunk titeket.<\/p>\n\n\n\n<p>M\u00e9g egyszer NAGYON SZ\u00c9PEN K\u00d6SZ\u00d6NJ\u00dcK, a fergeteges hangulat a ti \u00e9rdemetek volt!<\/p>\n\n\n\n<p>Ui.: Hatalmas \u00e9lm\u00e9ny volt a dob is!!!! \ud83d\ude42<\/p>\n\n\n\n<p>M\u00f3nika \u00e9s Andr\u00e1s<\/p>\n\n\n\n<p>2015. j\u00falius 20. h\u00e9tf\u0151<\/p>\n\n\n\n<hr class=\"wp-block-separator has-alpha-channel-opacity\"\/>\n\n\n\n<p><strong>J\u00f3n\u00e1s csal\u00e1d Szlov\u00e1kia<\/strong><\/p>\n\n\n\n<p>Kedves WIK zenekar!<\/p>\n\n\n\n<p>M\u00e1r a harmadik buiban voltunk,ahol Ti&nbsp; &#8220;h\u00fazt\u00e1tok&#8221; a talpal\u00e1val\u00f3t a Mosd\u00f3s-i bar\u00e1tainkn\u00e1l.Minden alkalommal nagyon j\u00f3 hangulatot csin\u00e1ltok,istenien \u00e9reztuk a m\u00falt h\u00e9tv\u00e9g\u00e9n is magukat.Koszonjuk Nektek! J\u00f3n\u00e1s\u00e9k Szlov\u00e1ki\u00e1b\u00f3l<\/p>\n\n\n\n<p>2015. j\u00fanius 09. kedd<\/p>\n\n\n\n<hr class=\"wp-block-separator has-alpha-channel-opacity\"\/>\n\n\n\n<p><strong>Baloghn\u00e9 Sali Nikolett<\/strong><\/p>\n\n\n\n<p>Kedves WIK zenekar!<\/p>\n\n\n\n<p>Ez\u00faton szeretn\u00e9nk k\u00f6sz\u00f6netet mondani \u00d6n\u00f6knek a szombati esk\u00fcv\u0151nk\u00f6n \u00e9s lakodalmunkban ny\u00fajtott felejthetetlen, nagyszer\u0171 \u00e9s kitart\u00f3 munk\u00e1juk\u00e9rt!!! K\u00f6sz\u00f6nj\u00fck a remek zen\u00e9ket \u00e9s a&nbsp; hajnalig tart\u00f3 partit!!!<\/p>\n\n\n\n<p>Baloghn\u00e9 Sali Nikolett \u00e9s Balogh S\u00e1muel<\/p>\n\n\n\n<p>2015. m\u00e1j. 26. kedd<\/p>\n\n\n\n<hr class=\"wp-block-separator has-alpha-channel-opacity\"\/>\n\n\n\n<p><strong>Zsuzsi \u00e9s Attila<\/strong><\/p>\n\n\n\n<p>Sziasztok!<\/p>\n\n\n\n<p>Szeretn\u00e9nk megk\u00f6sz\u00f6nni Nektek az esk\u00fcv\u0151n ny\u00fajtott fantasztikus hangulatot. Mindenki nagyon j\u00f3l \u00e9rezte mag\u00e1t.<\/p>\n\n\n\n<p>\u00d6r\u00fcl\u00fcnk, hogy titeket v\u00e1lasztottunk.<\/p>\n\n\n\n<p>2015. m\u00e1j. 25. h\u00e9tf\u0151<\/p>\n\n\n\n<hr class=\"wp-block-separator has-alpha-channel-opacity\"\/>\n\n\n\n<p><strong>Kriszta \u00e9s Attila 2014.09.27. Bonyh\u00e1d, H&#8230;<\/strong><\/p>\n\n\n\n<p>Kedves WIK Zenekar!<br><br>K\u00f6sz\u00f6nj\u00fck a lakodalmunkon ny\u00fajtott sz\u00ednvonalas hangulatos zen\u00e9t!Mindenki nagyon j\u00f3l \u00e9rezte mag\u00e1t!!Aki benneteket v\u00e1laszt, csal\u00f3dni biztosan nem fog!!!K\u00f6sz\u00f6nj\u00fck! Kriszta \u00e9s Attila<\/p>\n\n\n\n<p>2014. november 01. szombat<\/p>\n\n\n\n<hr class=\"wp-block-separator has-alpha-channel-opacity\"\/>\n\n\n\n<p><strong>Judit \u00e9s Csaba<\/strong><\/p>\n\n\n\n<p>Kedves WIK Zenekar!<br><br>Ez\u00faton szeretn\u00e9nk megk\u00f6sz\u00f6nni, nem csak sz\u00f3ban- a hanem a vend\u00e9gk\u00f6nyv\u00f6n kereszt\u00fcl is- a nagyon j\u00f3 hangulatot \u00e9s a szuper zen\u00e9ket, amelyeket a lakodalmunkon biztos\u00edtottatok! Igaz\u00e1n j\u00f3l \u00e9rezte mag\u00e1t az eg\u00e9sz n\u00e1szn\u00e9p: kicsikt\u0151l- a nagyokig. Nagyon k\u00f6sz\u00f6nj\u00fck, hogy szinte sz\u00fcnet n\u00e9lk\u00fcl, folyamatosan nagyon v\u00e1ltozatos zen\u00e9ket j\u00e1tszottatok hajnalig, \u00e9s hogy a kedv\u00fcnk\u00e9rt m\u00e9g a &#8220;No roxa \u00e1j&#8221; is belef\u00e9rt.:))Nagyon \u00e9lvezt\u00fck az est\u00e9t, \u00e9s igaz\u00e1n nem b\u00e1ntuk meg, hogy titeket v\u00e1lasztottunk!Sok sikert \u00e9s fell\u00e9p\u00e9st k\u00edv\u00e1nunk a j\u00f6v\u0151ben is! \u00dcdv: Sz\u00e1nt\u00f3 Csaba \u00e9s Szab\u00f3 Judit \/Tab\/<\/p>\n\n\n\n<p>2014. szeptember 22. h\u00e9tf\u0151<\/p>\n\n\n\n<hr class=\"wp-block-separator has-alpha-channel-opacity\"\/>\n\n\n\n<p><strong>M\u00f3nika \u00e9s P\u00e9ter, 2014.09.20. Tatab\u00e1nya -&#8230;<\/strong><\/p>\n\n\n\n<p>Kedves Csilla \u00e9s Istv\u00e1n! Nagyon sz\u00e9pen k\u00f6sz\u00f6nj\u00fck a fergeteges zen\u00e9t, amit tegnap biztos\u00edtottatok a lakodalmunkban!!! M\u00e1r most rengeteg pozit\u00edv visszajelz\u00e9st kaptunk, hogy a muzsika fantasztikus volt!!! \ud83d\ude42 \ud83d\ude42 Tov\u00e1bbiakban is hatalmas sikereket k\u00edv\u00e1nunk!!! \u00dcdv.: Hlogyik P\u00e9ter \u00e9s Hlogyik-Tompos M\u00f3nika<\/p>\n\n\n\n<p>2014. szeptember 22. h\u00e9tf\u0151<\/p>\n\n\n\n<hr class=\"wp-block-separator has-alpha-channel-opacity\"\/>\n\n\n\n<p><strong>Kitti \u00e9s P\u00e9ter &#8211; R\u00e9de &#8211; 2014.08.16<\/strong><\/p>\n\n\n\n<p>Kedves WIK Zenekar!<br><br>Szeretn\u00e9nk nagyon sz\u00e9pen megk\u00f6sz\u00f6nni a remek zen\u00e9t, amit szolg\u00e1ltattatok a lakodalmunkon, \u00fagy \u00e9rezz\u00fck nem is d\u00f6nthett\u00fcnk volna jobban a zenekarv\u00e1laszt\u00e1sban. Mindenki j\u00f3l \u00e9rezte mag\u00e1t, az\u00f3ta is sok pozit\u00edv visszajelz\u00e9st kapunk.<br><br>Sok sikert k\u00edv\u00e1nunk Nektek a tov\u00e1bbiakban, \u00e9s csak \u00edgy tov\u00e1bb!<br><br>\u00dcdv,<br>S\u00fct\u0151 P\u00e9ter \u00e9s Kitti<\/p>\n\n\n\n<p>2014. szeptember 06. szombat<\/p>\n\n\n\n<hr class=\"wp-block-separator has-alpha-channel-opacity\"\/>\n\n\n\n<p><strong>Kriszti \u00e9s D\u00e1vid, 2014. 08. 09. Di\u00f3fa \u00c9t&#8230;<\/strong><\/p>\n\n\n\n<p>Kedves Csilla \u00e9s Istv\u00e1n!<br>Ez\u00faton szeretn\u00e9nk megk\u00f6sz\u00f6nni Nektek a kiv\u00e1l\u00f3 munk\u00e1tokat. A NAGY NAPON minden t\u00f6k\u00e9letes volt, \u00e9s ehhez Ti is nagyban hozz\u00e1j\u00e1rultatok! K\u00f6sz\u00f6nj\u00fck, hogy k\u00e9r\u00e9seinknek eleget t\u00e9ve k\u00f6zel 10 \u00f3r\u00e1n kereszt\u00fcl folyamatosan szolg\u00e1ltatt\u00e1tok a talpal\u00e1val\u00f3t, jobbn\u00e1l jobb zen\u00e9ket j\u00e1tszottatok nek\u00fcnk, s hogy minden koroszt\u00e1lyt siker\u00fclt t\u00e1ncra b\u00edrni. Az eg\u00e9sz n\u00e1szn\u00e9p dics\u00e9rte munk\u00e1tokat. H\u00e1l\u00e1s k\u00f6sz\u00f6net a kiv\u00e1l\u00f3 hangulat\u00e9rt! Kriszti \u00e9s D\u00e1vid<\/p>\n\n\n\n<p>2014. augusztus 26. kedd<\/p>\n\n\n\n<hr class=\"wp-block-separator has-alpha-channel-opacity\"\/>\n\n\n\n<p><strong>Kati &amp; Laci &#8211; Gy\u0151r (Sz\u00e9chenyi \u00c9tterem), &#8230;<\/strong><\/p>\n\n\n\n<p>Kedves Csilla \u00e9s Istv\u00e1n!<br>Hetekkel a gy\u0151ri esk\u00fcv\u0151nk ut\u00e1n a bar\u00e1taink \u00e9s mi is m\u00e9g a kiv\u00e1l\u00f3 bulihangulat hat\u00e1sa alatt vagyunk! Nem sokan mondhatj\u00e1k el, hogy Intim Torna Illeg\u00e1lra t\u00e1ncoltak (\u00e9s \u00e9nekeltek) az any\u00f3sukkal \u00e9s Ocho Mach\u00f3ra a keresztanyjukkal, de \u00e9n (Laci) igen:) A v\u00e9g\u00e9n az egy\u00fctt\u00e9nekl\u0151s, kedv\u00fcnk\u00e9rt betanult Lehetek \u00e9n is nagyon j\u00f3l sz\u00f3lt, a t\u00e1rsas\u00e1g leveg\u0151n besz\u00e9lget\u0151s r\u00e9sze is elismer\u00e9s\u00e9t fejezte ki, nagyon v\u00e1ltozatosak \u00e9s sz\u00e9les l\u00e1t\u00f3k\u00f6r\u0171ek voltatok. Sz\u00edvvel-l\u00e9lekkel zen\u00e9ltetek, j\u00f3l megt\u00e1ncoltattatok minket! A n\u00e1szn\u00e9p nev\u00e9ben is mondjuk, hogy k\u00f6sz\u00f6nj\u00fck! Vigy\u00e1zzatok Magatokra, sok felk\u00e9r\u00e9st, j\u00f3 eg\u00e9szs\u00e9get \u00e9s hasonl\u00f3 vagy nagyobb sikereket k\u00edv\u00e1nunk Nektek! Kati \u00e9s Laci<\/p>\n\n\n\n<p>2014. augusztus 19. kedd<\/p>\n\n\n\n<hr class=\"wp-block-separator has-alpha-channel-opacity\"\/>\n\n\n\n<p><strong>M\u00f3nika \u00e9s J\u00e1nos<\/strong><\/p>\n\n\n\n<p>Kedves Csilla \u00e9s Istv\u00e1n!<br>Ez\u00faton szeretn\u00e9nk k\u00f6sz\u00f6netet mondani az esk\u00fcv\u0151nk\u00f6n megteremtett kiv\u00e1ll\u00f3 hangulat\u00e9rt, \u00e9s k\u00fcl\u00f6n k\u00f6sz\u00f6net a bevonul\u00f3 sz\u00e1m betanul\u00e1s\u00e1\u00e9rt!(Nagy meglepi volt! \ud83d\ude42 ) Mindenki nagyon j\u00f3l \u00e9rezte mag\u00e1t! K\u00edv\u00e1nunk a tov\u00e1bbiakban sok-sok ilyen szuper bulit, \u00e9s j\u00f3 eg\u00e9szs\u00e9get nektek!<br>M\u00f3ni \u00e9s Jani<\/p>\n\n\n\n<p>2014. j\u00falius 30. szerda<\/p>\n\n\n\n<hr class=\"wp-block-separator has-alpha-channel-opacity\"\/>\n\n\n\n<p><strong>Judit&amp;G\u00e1bor<\/strong><\/p>\n\n\n\n<p>Kedves WIK Zenekar!<br>Nagyon k\u00f6sz\u00f6nj\u00fck, hogy ilyen kitart\u00f3an \u00e9s sz\u00ednvonalasan eml\u00e9kezetess\u00e9 tett\u00e9tek az egyik legszebb napunkat. Nagyon j\u00f3l \u00e9rezte mag\u00e1t az eg\u00e9sz n\u00e1szn\u00e9p \u00e9s k\u00f6sz\u00f6nj\u00fck a kiv\u00e1l\u00f3 hangulatot.<br>Minden h\u00e1zasuland\u00f3nak csak aj\u00e1nlani tudunk Titeket. Ez uton k\u00edv\u00e1nunk a zenekar minden tagj\u00e1nak j\u00f3 eg\u00e9szs\u00e9get , kitart\u00e1st \u00e9s tov\u00e1bbi sikereket! K\u00f6sz\u00f6nj\u00fck m\u00e9g egyszer! Judit&amp;G\u00e1bor<\/p>\n\n\n\n<p>2014. j\u00fanius 29. vas\u00e1rnap<\/p>\n\n\n\n<hr class=\"wp-block-separator has-alpha-channel-opacity\"\/>\n\n\n\n<p><strong>Orsi &amp; Jancsi<\/strong><\/p>\n\n\n\n<p>Kedves Csilla \u00e9s Istv\u00e1n,<br>M\u00e9gegyszer szeretn\u00e9nk megk\u00f6sz\u00f6nni a remek hangulatot a tegnapi esk\u00fcv\u0151nk\u00f6n:-)) Ma eg\u00e9sz nap a lagzir\u00f3l besz\u00e9lget\u00fcnk, \u00e9s teljesen egyet\u00e9rt\u00fcnk abban, hogy Ti voltatok a t\u00f6k\u00e9letes zenekar!!! Ebben a n\u00e1szn\u00e9p is meger\u0151s\u00edtett minket:-)) Mindig r\u00e1\u00e9reztetek a hangulatra, \u00e9s a mi st\u00edlusunkra is:-)<br>Rem\u00e9lj\u00fck Ti is j\u00f3l \u00e9rezt\u00e9tek magatokat:-) K\u00f6sz\u00f6nj\u00fck!!!<br>Orsi&amp;jancsi<\/p>\n\n\n\n<p>2014. m\u00e1j. 25. vas\u00e1rnap<\/p>\n\n\n\n<hr class=\"wp-block-separator has-alpha-channel-opacity\"\/>\n\n\n\n<p><strong>Simonyi N\u00e1ndor \u00e9s Simonyin\u00e9 P\u00e9ter Csilla<\/strong><\/p>\n\n\n\n<p>2014 M\u00e1jus 17! Egy felejthetetlen napot egy felejthetetlen buli z\u00e1rta melyet egy nagyon j\u00f3 zenekar k\u00eds\u00e9rt v\u00e9gig!<br>Csak aj\u00e1nlani tudjuk mindenkinek a WIK zenekart aki szeret t\u00e1ncolni &#8211; mulatni!<br>Hihetetlen\u00fcl j\u00f3k voltatok!<br><br>K\u00f6sz\u00f6nj\u00fck sz\u00e9pen m\u00e9g egyszer!<\/p>\n\n\n\n<p>2014. m\u00e1j. 20. kedd<\/p>\n\n\n\n<hr class=\"wp-block-separator has-alpha-channel-opacity\"\/>\n\n\n\n<p><strong>Melinda \u00e9s Korn\u00e9l<\/strong><\/p>\n\n\n\n<p>Csatlakozunk az el\u0151tt\u00fcnk sz\u00f3l\u00f3khoz, nagyon j\u00f3 hangulatot csin\u00e1ltak Pom\u00e1zon, hajnali 4.15-ig tartott a buli. K\u00f6sz\u00f6nj\u00fck a Ti k\u00f6zrem\u0171k\u00f6d\u00e9seteket is a remekbe szabott lakodalmunkhoz.<\/p>\n\n\n\n<p>2014. \u00e1prilis 24. cs\u00fct\u00f6rt\u00f6k<\/p>\n\n\n\n<hr class=\"wp-block-separator has-alpha-channel-opacity\"\/>\n\n\n\n<p><strong>Szab\u00f3 Margit<\/strong><\/p>\n\n\n\n<p>Csilla \u00e9s zen\u00e9szt\u00e1rsai! K\u00f6sz\u00f6n\u00f6m, hogy j\u00f3 hangulatot teremtettetek az esk\u00fcv\u0151n, s azt k\u00f6vet\u0151 bulin. Mindenkinek teljes szeretettel \u00e9s sz\u00edvb\u0151l aj\u00e1nlom a zen\u00e9szeket azoknak akik szeretnek t\u00e1ncolni.&#8221;nagyon szuperek!&#8221;<\/p>\n\n\n\n<p>2014. \u00e1prilis 16. szerda<\/p>\n\n\n\n<hr class=\"wp-block-separator has-alpha-channel-opacity\"\/>\n\n\n\n<p><strong>T\u00f3th Edit, K\u00e9t Korona Wellness Hotel<\/strong><\/p>\n\n\n\n<p>Egy rendezv\u00e9ny megszervez\u00e9se nagy felel\u0151ss\u00e9g, \u00e9s az ehhez sz\u00fcks\u00e9ges legjobb zenekar kiv\u00e1laszt\u00e1sa nem egyszer\u0171 feladat. Azt hiszem, sz\u00e1llod\u00e1nknak siker\u00fclt megtal\u00e1lnia a legjobb, legmin\u0151s\u00e9gibb, legsz\u00ednesebb zen\u00e9szeket Csilla \u00e9s Istv\u00e1n szem\u00e9ly\u00e9ben. K\u00f6sz\u00f6nj\u00fck Nektek, hogy sz\u00ednvonalas, eg\u00e9sz \u00e9jszak\u00e1s reperto\u00e1rotokkal hozz\u00e1j\u00e1rultatok vend\u00e9geink j\u00f3kedv\u00e9hez \u00e9s ezzel megalapozt\u00e1tok a szilveszeteri buli hangulat\u00e1t! A j\u00f6v\u0151ben is szeretettel v\u00e1runk Titeket rendezv\u00e9nyeinkre \u00e9s mindenkinek sz\u00edvesen aj\u00e1nljuk WIK Family Band Zenekart! \ud83d\ude42<\/p>\n\n\n\n<p>2014. janu\u00e1r 03. p\u00e9ntek<\/p>\n\n\n\n<hr class=\"wp-block-separator has-alpha-channel-opacity\"\/>\n\n\n\n<p><strong>Kedves Csilla \u00e9s Istv\u00e1n!<\/strong><\/p>\n\n\n\n<p>K\u00f6sz\u00f6nj\u00fck azt a profizmust, ahogy az esk\u00fcv\u0151nk\u00f6n j\u00e1tszottatok. Elk\u00e9peszt\u0151en j\u00f3k \u00e9s profik vagytok. Mindenkinek nagyon tetszett ahogy zen\u00e9ltek \u00e9s teszitek ezt sz\u00edvvel, l\u00e9lekkel. A reperto\u00e1rotokban mindenki maxim\u00e1lisan megtal\u00e1lhatja amit szeret \u00e9s ez nagyon ritka, hogy egy zenekar ennyire soksz\u00edn\u0171 \u00e9s ilyen kitart\u00f3an, szinte sz\u00fcnet n\u00e9lk\u00fcl zen\u00e9l v\u00e9gig.<br>Nagyon \u00f6r\u00fcl\u00fcnk, hogy Titeket v\u00e1lasztottunk \u00e9s maxim\u00e1lisan csak aj\u00e1nlani tudunk Benneteket!! Rem\u00e9lem m\u00e9g tal\u00e1lkozunk \u00e9s minden j\u00f3t k\u00edv\u00e1nunk Nektek! Anita \u00e9s Istv\u00e1n<\/p>\n\n\n\n<p>2013. szeptember 17. kedd<\/p>\n\n\n\n<hr class=\"wp-block-separator has-alpha-channel-opacity\"\/>\n\n\n\n<p><strong>Hermann M\u00e1rk &amp; Bianca<\/strong><\/p>\n\n\n\n<p>Kedves Istv\u00e1n, \u00e9s Csilla!<br>Nagyon k\u00f6sz\u00f6nj\u00fck, hogy ilyen remek hangulatot teremtettetek vend\u00e9geink sz\u00e1m\u00e1ra itt Tatab\u00e1ny\u00e1n! Sok vend\u00e9g\u00fcnkt\u0151l hallottuk vissza, hogy mennyire j\u00f3l \u00e9rezt\u00e9k magukat, milyen j\u00f3 volt az \u00e9l\u0151zene szolg\u00e1ltat\u00e1s, egyik rokonom is zen\u00e9sz, \u0151 is el volt ragattatva a tiszta hangz\u00e1st\u00f3l, \u00e9s a sz\u00e9les reperto\u00e1rt\u00f3l! K\u00f6sz\u00f6n\u00f6m m\u00e9gegyszer , hogy itt voltatok, rem\u00e9lem m\u00e9g tal\u00e1lkozunk!<br>M\u00e1rk \u00e9s Bianca<\/p>\n\n\n\n<p>2013. szeptember 11. szerda<\/p>\n\n\n\n<hr class=\"wp-block-separator has-alpha-channel-opacity\"\/>\n\n\n\n<p><strong>WIK Zenekar<\/strong><\/p>\n\n\n\n<p>K\u00f6sz\u00f6nj\u00fck sz\u00e9pen, \u00e9s Nagyon Sok Boldogs\u00e1got K\u00edv\u00e1nunk! Igen, ha a vend\u00e9gl\u0151s nem szabott volna id\u0151korl\u00e1tot, akkor hajnali f\u00e9l n\u00e9gy helyett, tov\u00e1bb is sz\u00f3rakoztattuk volna kedves vend\u00e9geinket.<br>Csilla \u00e9s Istv\u00e1n<\/p>\n\n\n\n<p>2012. \u00e1prilis 23. h\u00e9tf\u0151<\/p>\n\n\n\n<hr class=\"wp-block-separator has-alpha-channel-opacity\"\/>\n\n\n\n<p><strong>Rita&amp;Jenci<\/strong><\/p>\n\n\n\n<p>Kedves Csilla \u00e9s Istv\u00e1n!<br>Nagyon sz\u00e9pen k\u00f6sz\u00f6nj\u00fck, hogy nagyban hozz\u00e1j\u00e1rultatok a lagzink siker\u00e9hez!Fergeteges bulit nyomtatok, \u00e9s ha rajtunk m\u00falott volna, akkor reggelig tart:-)K\u00f6sz\u00f6nj\u00fck sz\u00e9pen, \u00e9s k\u00fcld\u00fcnk majd fot\u00f3t \u00e9s vide\u00f3t is!<br>Tov\u00e1bbi sok sikert k\u00edv\u00e1nunk.<br>Rita \u00e9s Jen\u0151<\/p>\n\n\n\n<p>2012. \u00e1prilis 23. h\u00e9tf\u0151<\/p>\n\n\n\n<hr class=\"wp-block-separator has-alpha-channel-opacity\"\/>\n\n\n\n<p><strong>Volt M\u0171szaki egyetemist\u00e1k<\/strong><\/p>\n\n\n\n<p>Kedves Zenekar!<br>Nagyon tetszett szilveszterkor a zene, nagyon j\u00f3l \u00e9rezt\u00fck magunkat. K\u00f6sz\u00f6nj\u00fck, tov\u00e1bbi sok sikert,m\u00e9g tal\u00e1lkozunk!<\/p>\n\n\n\n<p>2012. janu\u00e1r 06. p\u00e9ntek<\/p>\n\n\n\n<hr class=\"wp-block-separator has-alpha-channel-opacity\"\/>\n\n\n\n<p><strong>Hrankai Bal\u00e1zs \u00e9s No\u00e9mi<\/strong><\/p>\n\n\n\n<p>Kedves Csilla \u00e9s Istv\u00e1n!<br>K\u00f6sz\u00f6nj\u00fck sz\u00e9pen a hangulatfokoz\u00e1st!:) Felejthetetlenn\u00e9 tett\u00e9tek az esk\u00fcv\u0151nket Veszpr\u00e9mben.<br>K\u00f6sz\u00f6nj\u00fck, sok sikert k\u00edv\u00e1nunk!<br>No\u00e9mi \u00e9s Bal\u00e1zs<\/p>\n\n\n\n<p>2011. szeptember 12. h\u00e9tf\u0151<\/p>\n\n\n\n<hr class=\"wp-block-separator has-alpha-channel-opacity\"\/>\n\n\n\n<p><strong>WIK Zenekar<\/strong><\/p>\n\n\n\n<p>Nagyon \u00f6r\u00fcl\u00fcnk, hogy mindenkinek \u00f6r\u00f6met tudtunk szerezni! Sok boldogs\u00e1got k\u00edv\u00e1nunk.<\/p>\n\n\n\n<p>2011. j\u00fanius 22. szerda<\/p>\n\n\n\n<hr class=\"wp-block-separator has-alpha-channel-opacity\"\/>\n\n\n\n<p><strong>Rupa D\u00e1vid \u00e9s Rup\u00e1n\u00e9 T\u00f3th Anita Szilvia<\/strong><\/p>\n\n\n\n<p>Sziasztok!<br>2011.05.28-\u00e1n volt az esk\u00fcv\u0151nk a p\u00e9csi Cserk\u00fati Cs\u00e1rd\u00e1ban. Nagyon k\u00f6sz\u00f6nj\u00fck a WIK zenekarnak a j\u00f3 hangulatot, nem b\u00e1ntuk meg, hogy \u0151ket v\u00e1lasztottuk! Csak aj\u00e1nlani tudjuk \u0151ket! Mindenkit\u0151l pozit\u00edv visszajelz\u00e9seket kaptunk! M\u00e9g egyszer nagyon k\u00f6sz\u00f6nj\u00fck a feledhetetlen lagzinkat! Puszi : Anita \u00e9s D\u00e1vid<\/p>\n\n\n\n<p>2011. j\u00fanius 21. kedd<\/p>\n\n\n\n<hr class=\"wp-block-separator has-alpha-channel-opacity\"\/>\n\n\n\n<p><strong>WIK Zenekar<\/strong><\/p>\n\n\n\n<p>K\u00f6sz\u00f6nj\u00fck sz\u00e9pen, \u00e9s sok boldogs\u00e1got k\u00edv\u00e1nunk!:)<\/p>\n\n\n\n<p>2011. j\u00fanius 20. h\u00e9tf\u0151<\/p>\n\n\n\n<hr class=\"wp-block-separator has-alpha-channel-opacity\"\/>\n\n\n\n<p><strong>Judit \u00e9s Korn\u00e9l<\/strong><\/p>\n\n\n\n<p>Sziasztok!<br>A h\u00e9tv\u00e9g\u00e9n volt az lakodalmunk Bikalon a Puchner kast\u00e9lyban.A j\u00f3 hangulat n\u00e9lk\u00fcletek nem lett volna teljes.K\u00f6sz\u00f6nj\u00fck a jobbn\u00e1l jobb sl\u00e1gereket.Sokan dics\u00e9rtek titeket a vend\u00e9gek k\u00f6z\u00fcl.<br>Minden j\u00f3t k\u00edv\u00e1nunk!<br>Judit \u00e9s Korn\u00e9l<\/p>\n\n\n\n<p>2011. j\u00fanius 20. h\u00e9tf\u0151<\/p>\n\n\n\n<hr class=\"wp-block-separator has-alpha-channel-opacity\"\/>\n\n\n\n<p><strong>Judit \u00e9s \u00c1kos<\/strong><\/p>\n\n\n\n<p>Szeretn\u00e9nk m\u00e9g egyszer megk\u00f6sz\u00f6nni Moh\u00e1cson a zen\u00e9t,mindenkinek nagyon tetszett,\u00e9rdekl\u0151dtek is,hogy honnan j\u00f6ttetek? Jobbn\u00e1l-jobb zen\u00e9k voltak,\u00e9s kitart\u00f3an sz\u00fcnet n\u00e9lk\u00fcl j\u00e1tszottatok.<br>Minden j\u00f3t k\u00edv\u00e1nunk!<\/p>\n\n\n\n<p>2011. m\u00e1j. 20. p\u00e9ntek<\/p>\n\n\n\n<hr class=\"wp-block-separator has-alpha-channel-opacity\"\/>\n\n\n\n<p><strong>K\u00e1lm\u00e1n<\/strong><\/p>\n\n\n\n<p>Sziasztok!<br>Nagyon j\u00f3 volt a 2011.02.26. &#8221; Kod\u00e1ly &#8221; suli- buli, k\u00f6szi a sok sl\u00e1gert, \u00e9s a v\u00e9g\u00e9n a n\u00f3t\u00e1z\u00e1st.<\/p>\n\n\n\n<p>2011. m\u00e1rcius 20. vas\u00e1rnap<\/p>\n\n\n\n<hr class=\"wp-block-separator has-alpha-channel-opacity\"\/>\n\n\n\n<p><strong>WIK Zenekar<\/strong><\/p>\n\n\n\n<p>1500 Ft \/ \u00f3ra<\/p>\n\n\n\n<p>2010. okt\u00f3ber 31. vas\u00e1rnap<\/p>\n\n\n\n<hr class=\"wp-block-separator has-alpha-channel-opacity\"\/>\n\n\n\n<p><strong>geni<\/strong><\/p>\n\n\n\n<p>git\u00e1roktat\u00e1s mennyibe ker\u00fcl?<\/p>\n\n\n\n<p>2010. okt\u00f3ber 11. h\u00e9tf\u0151<\/p>\n\n\n\n<hr class=\"wp-block-separator has-alpha-channel-opacity\"\/>\n\n\n\n<p><strong>Roland \u00e9s T\u00fcndi<\/strong><\/p>\n\n\n\n<p>Kedves Wik zenekar,k\u00f6sz\u00f6nj\u00fck az augusztus 14-ei napot,\u00e9let\u00fcnk legszebb napj\u00e1t amit a ti zen\u00e9tekkel m\u00e9g eml\u00e9kezetesebb\u00e9 tettetek.Mindenkit\u0151l pozitiv visszajelz\u00e9st kaptunk.K\u00f6sz\u00f6nj\u00fck sz\u00e9pen.<\/p>\n\n\n\n<p>2010. szeptember 12. vas\u00e1rnap<\/p>\n\n\n\n<hr class=\"wp-block-separator has-alpha-channel-opacity\"\/>\n\n\n\n<p><strong>T\u00f3thn\u00e9 s\u00f3lya Szabina \u00e9s T\u00f3th Ferenc<\/strong><\/p>\n\n\n\n<p>k\u00f6sz\u00f6nj\u00fck a bulit nagyon j\u00f3\u00f3 volt mindenkit\u0151l pozitiv visszajelz\u00e9st kaptunk!Sok ilyen j\u00f3 bulit a tov\u00e1bbiakban!rem\u00e9lj\u00fck \u00f6n\u00f6k is j\u00f3l \u00e9rezt\u00e9k magukat!<\/p>\n\n\n\n<p>2010. augusztus 08. vas\u00e1rnap<\/p>\n\n\n\n<hr class=\"wp-block-separator has-alpha-channel-opacity\"\/>\n\n\n\n<p><strong>Cseh L\u00e1szl\u00f3<\/strong><\/p>\n\n\n\n<p>Az elm\u00falt negyed sz\u00e1zadban igen sok b\u00e1lban, buliban, lagziban lehettem. Volt k\u00f6zt\u00fck ilyen is, olyan is. K\u00f6sz\u00f6n\u00f6m Nektek azt az \u00e9lm\u00e9nyt, amit elm\u00falt h\u00e9tv\u00e9g\u00e9n hajnalig tart\u00f3 kiv\u00e1l\u00f3 zen\u00e9l\u00e9setekkel ny\u00fajtottatok kedves munkat\u00e1rsam lakodalm\u00e1n. A fergeteges hangulat nagyr\u00e9szt Rajtatok m\u00falott. K\u00f6sz\u00f6net \u00e9rte. Sz\u00e9p \u00e9letet!<\/p>\n\n\n\n<p>2010. j\u00falius 23. p\u00e9ntek<\/p>\n\n\n\n<hr class=\"wp-block-separator has-alpha-channel-opacity\"\/>\n\n\n\n<p><strong>J\u00f3zsika<\/strong><\/p>\n\n\n\n<p>Sziasztok.<br>Eg\u00e9szen v\u00e9letlen keveredtem ide a honlapotokra, egy m\u00e1sik honlapon kereszt\u00fcl.<br>Tetszik a m\u0171sor, a vide\u00f3k, a zene.<br>Sok sikert, \u00e9s sok bulit k\u00edv\u00e1nok Nektek.<br>Bar\u00e1ti \u00fcdv.: Egy koll\u00e9ga Kecskem\u00e9tr\u0151l<br>[moder\u00e1lva]<\/p>\n\n\n\n<p>2010. janu\u00e1r 25. h\u00e9tf\u0151<\/p>\n\n\n\n<hr class=\"wp-block-separator has-alpha-channel-opacity\"\/>\n\n\n\n<p><strong>Szilvi \u00e9s Andr\u00e1s<\/strong><\/p>\n\n\n\n<p>Ezuton is szeretn\u00e9nk megk\u00f6sz\u00f6nni azt a hangulatot melyet a v\u00e1ltozatos \u00e9s nagyon sz\u00ednvonalas zen\u00e9vel teremtettetek az esk\u00fcv\u0151nk\u00f6n. Mindenkinek nagyon tetszett, \u00e9s \u00f6r\u00fcl\u00fcnk, hogy benneteket v\u00e1lasztottunk.<\/p>\n\n\n\n<p>2009. augusztus 15. szombat<\/p>\n\n\n\n<hr class=\"wp-block-separator has-alpha-channel-opacity\"\/>\n\n\n\n<p><strong>T\u00fcndi \u00e9s Zsolti<\/strong><\/p>\n\n\n\n<p>Kedves WIK zenekar, nagyon sz\u00e9pen k\u00f6sz\u00f6nj\u00fck, hogy augusztus elsej\u00e9n remek zen\u00e9j\u00fckkel el\u0151seg\u00edtett\u00e9k az est f\u00e9ny\u00e9nek emel\u00e9s\u00e9t. Nagyon j\u00f3l \u00e9rezt\u00fck magunkat.<br>K\u00f6sz\u00f6nj\u00fck m\u00e9g egyszer \ud83d\ude42<\/p>\n\n\n\n<p>2009. augusztus 04. kedd<\/p>\n\n\n\n<hr class=\"wp-block-separator has-alpha-channel-opacity\"\/>\n\n\n\n<p><strong>WIK Zenekar<\/strong><\/p>\n\n\n\n<p>Kedves Ifj\u00fa P\u00e1rok!<br>Nagyon boldogok vagyunk, hogy \u00f6r\u00f6met szerezhett\u00fcnk zen\u00e9nkkel, \u00e9s k\u00f6sz\u00f6nj\u00fck az elismer\u0151 szavakat. Sok boldogs\u00e1got k\u00edv\u00e1nunk!:)<br>Csilla \u00e9s Istv\u00e1n<\/p>\n\n\n\n<p>2009. j\u00falius 14. kedd<\/p>\n\n\n\n<hr class=\"wp-block-separator has-alpha-channel-opacity\"\/>\n\n\n\n<p><strong>\u00c1gi \u00e9s K\u00e1lmi<\/strong><\/p>\n\n\n\n<p>Kedves WIK Zenekar, K\u00f6sz\u00f6nj\u00fck sz\u00e9pen a m\u00e1jus 30-\u00e1n ny\u00fajtott sz\u00ednvonalas \u00e9s v\u00e1ltozatos zen\u00e9l\u00e9st, amit az esk\u00fcv\u0151nk\u00f6n ny\u00fajtottatok. Mindenki nagyon j\u00f3l \u00e9rezte mag\u00e1t, \u00e9s nem b\u00e1ntuk meg hogy Benneteket v\u00e1lasztottunk. Minden h\u00e1zasuland\u00f3nak aj\u00e1nljuk a zenekart.<\/p>\n\n\n\n<p>2009. j\u00falius 13. h\u00e9tf\u0151<\/p>\n\n\n\n<hr class=\"wp-block-separator has-alpha-channel-opacity\"\/>\n\n\n\n<p><strong>Brigi \u00e9s Norbi<\/strong><\/p>\n\n\n\n<p>2009.06.27.-\u00e9n volt az esk\u00fcv\u0151nk,ahol a Wik zenekar zen\u00e9lt.Ez \u00faton szeretn\u00e9nk m\u00e9gegyszer megk\u00f6sz\u00f6nni,hogy ott voltatok \u00e9s ilyen j\u00f3 hangulatot csin\u00e1ltatok!Nagyon tetszett mindenkinek!:-)K\u00f6sz\u00f6nj\u00fck!<\/p>\n\n\n\n<p>2009. j\u00fanius 29. h\u00e9tf\u0151<\/p>\n\n\n\n<hr class=\"wp-block-separator has-alpha-channel-opacity\"\/>\n\n\n\n<p><strong>Gy\u00f6ngyi \u00e9s Zoli<\/strong><\/p>\n\n\n\n<p>K\u00f6sz\u00f6nj\u00fck Nektek a hangulatos zen\u00e9t! Nagyon \u00e9lvezt\u00fck a bulit!<\/p>\n\n\n\n<p>2009. j\u00fanius 07. vas\u00e1rnap<\/p>\n\n\n\n<hr class=\"wp-block-separator has-alpha-channel-opacity\"\/>\n\n\n\n<p><strong>H. L\u00e1szl\u00f3<\/strong><\/p>\n\n\n\n<p>Nagyon j\u00f3l \u00e9rezt\u00fck magunkat szilveszterkor, ezt t\u00f6bbnyire nektek k\u00f6sz\u00f6nhetj\u00fck, rem\u00e9lem, hogy m\u00e9g tal\u00e1lkozunk.<br>M\u00e9gegyszer B.U.\u00c9.K.<\/p>\n\n\n\n<p>2009. janu\u00e1r 10. szombat<\/p>\n\n\n\n<hr class=\"wp-block-separator has-alpha-channel-opacity\"\/>\n\n\n\n<p><strong>csere.lldlko@citromail.hu<\/strong><\/p>\n\n\n\n<p>Sziasztok! Velczenbach Korn\u00e9l tan\u00edt\u00f3 n\u00e9nije voltam hajdan\u00e1n Tasz\u00e1ron \u00e9s a ny\u00e1ron tal\u00e1lkoztam Csill\u00e1val a Balatonon.Most Hetesen lakom, van egy gyerekzenekarom \u00e9s kott\u00e1kat, zen\u00e9ket szeretn\u00e9k k\u00e9rni t\u0151letek.Zongor\u00e1zom, git\u00e1rozom \u00e9s furuly\u00e1t tan\u00edtok. \u00dcdv az eg\u00e9sz csal\u00e1dnak, lldik\u00f3<\/p>\n\n\n\n<p>2008. szeptember 12. p\u00e9ntek<\/p>\n\n\n\n<hr class=\"wp-block-separator has-alpha-channel-opacity\"\/>\n\n\n\n<p><strong>Bechtel-Fekete Csilla<\/strong><\/p>\n\n\n\n<p>K\u00f6sz\u00f6nj\u00fck a WIK zenekarnak, hogy ig\u00e9nyes zen\u00e9j\u00fckkel, f\u00e1radhatatlan lend\u00fclet\u00fckkel \u00e9s kedvess\u00e9g\u00fckkel hozz\u00e1j\u00e1rultak ahhoz, hogy aug. 2-a, az esk\u00fcv\u0151nk napja felejthetetlen legyen sz\u00e1mukra. Tov\u00e1bbi j\u00f3ked\u00e9ly\u0171 sok-sok lagzis zen\u00e9l\u00e9st k\u00edv\u00e1nunk: Csilla \u00e9s Helmut<\/p>\n\n\n\n<p>2008. augusztus 18. h\u00e9tf\u0151<\/p>\n\n\n\n<hr class=\"wp-block-separator has-alpha-channel-opacity\"\/>\n\n\n\n<p><strong>Eszter<\/strong><\/p>\n\n\n\n<p>a m\u00falt heti buli nagyon kir\u00e1ly volt:) k\u00f6szi a sok rock&amp;rollt.Alig v\u00e1rom, h. legk\u00f6zelebb is a Ti zen\u00e9tekre bulizhassunk! Puszi Veszpr\u00e9mb\u0151l \ud83d\ude42<\/p>\n\n\n\n<p>2008. augusztus 04. h\u00e9tf\u0151<\/p>\n\n\n\n<hr class=\"wp-block-separator has-alpha-channel-opacity\"\/>\n\n\n\n<p><strong>Kisn\u00e9 Barta Andrea<\/strong><\/p>\n\n\n\n<p>2007. augusztus 11-\u00e9n Domb\u00f3v\u00e1ron volt az esk\u00fcv\u0151nk. A lakodalomban a Wik zenekar j\u00e1tszott. Nagyon j\u00f3 volt a hangulat, a zenekar a csal\u00e1dtagok tetsz\u00e9s\u00e9t is elnyerte. Aj\u00e1nljuk mindazoknak, akik ezut\u00e1n tervezik esk\u00fcv\u0151j\u00fcket. Nektek pedig ut\u00f3lag k\u00f6sz\u00f6nj\u00fck a j\u00f3 hangulatot.<br>\u00dcdv\u00f6zlettel: Andi \u00e9s Laci<\/p>\n\n\n\n<p>2008. j\u00falius 02. szerda<\/p>\n\n\n\n<hr class=\"wp-block-separator has-alpha-channel-opacity\"\/>\n\n\n\n<p><strong>Dar\u00f3czio Daniella \ud83d\ude42<\/strong><\/p>\n\n\n\n<p>Tegnap n\u00e1lunk j\u00e1tszodtatok \u00e9s NAGYON NAGYON J\u00d3 VOLT! Mindenkib\u0151l kihozt\u00e1tok a legjobbat! K\u00f6sz\u00f6nj\u00fck \ud83d\ude42<\/p>\n\n\n\n<p>2008. m\u00e1j. 18. vas\u00e1rnap<\/p>\n\n\n\n<hr class=\"wp-block-separator has-alpha-channel-opacity\"\/>\n\n\n\n<p><strong>Szab\u00f3 L\u00e1szl\u00f3 P\u00e9cs<\/strong><\/p>\n\n\n\n<p>Meghallgattunk sok sz\u00e1motokat a feles\u00e9gemmel, nagyon j\u00f3. Tetszik ez a st\u00edlus nek\u00fcnk ! \u00cdgy tov\u00e1bb !<\/p>\n\n\n\n<p>2008. \u00e1prilis 19. szombat<\/p>\n\n\n\n<hr class=\"wp-block-separator has-alpha-channel-opacity\"\/>\n\n\n\n<p><strong>Nock L. NOSTRA?<\/strong><\/p>\n\n\n\n<p>\u00d6r\u00fcl\u00f6k hogy m\u00e9g mindig j\u00f3k vagytok.<\/p>\n\n\n\n<p>2008. \u00e1prilis 03. cs\u00fct\u00f6rt\u00f6k<\/p>\n\n\n\n<hr class=\"wp-block-separator has-alpha-channel-opacity\"\/>\n\n\n\n<p><strong>Zobokin\u00e9 Borsi R\u00f3zsa<\/strong><\/p>\n\n\n\n<p>2007.09.29-\u00e9n volt az esk\u00fcv\u0151nk \u00e9s a zen\u00e9t a Wik zenekar biztos\u00edtotta. Nagyon j\u00f3 hangulatot csin\u00e1ltak, minden r\u00e9sztvev\u0151nek tetszett a buli. Nagyon j\u00f3l sz\u00f3rakoztunk. K\u00f6sz\u00f6nj\u00fck sz\u00e9pen!!<\/p>\n\n\n\n<p>2008. m\u00e1rcius 22. szombat<\/p>\n\n\n\n<hr class=\"wp-block-separator has-alpha-channel-opacity\"\/>\n\n\n\n<p><strong>Tokodin\u00e9 Heppenheimer Anik\u00f3<\/strong><\/p>\n\n\n\n<p>2005.augusztus 27-\u00e9n volt az esk\u00fcv\u0151nk, term\u00e9szetesen a Wik Family Band zen\u00e9lt!<br>K\u00f6sz\u00f6nj\u00fck ezt a felejthetetlen \u00e9lm\u00e9nyt!<br>Nagyon j\u00f3 visszagondolni, \u00e9s visszahalgatni a zen\u00e9t! Nagyon j\u00f3l sz\u00f3rakoztunk!<br>Aki igaz\u00e1n j\u00f3l szeretn\u00e9 \u00e9rezni mag\u00e1t az esk\u00fcv\u0151j\u00e9n, az ne habozzon, v\u00e1lassza a &#8220;Wik zenekart&#8221;!<br>\u00dcdv\u00f6zlet\u00fcnket k\u00fcldj\u00fck!<br>Anik\u00f3<\/p>\n\n\n\n<p>2008. m\u00e1rcius 05. szerda<\/p>\n\n\n\n<hr class=\"wp-block-separator has-alpha-channel-opacity\"\/>\n\n\n\n<p><strong>Vend\u00e9g<\/strong><\/p>\n\n\n\n<p>Sziasztok!<br>Kellemesen \u00e9rezt\u00fck magunkat a &#8221; Kapos \u00c9tterem &#8220;-ben rendezett j\u00f3t\u00e9konys\u00e1gi esten, melyhez nagyr\u00e9szt hozz\u00e1j\u00e1rultatok.<br>K\u00f6sz\u00f6nj\u00fck.<\/p>\n\n\n\n<p>2008. febru\u00e1r 10. vas\u00e1rnap<\/p>\n\n\n\n<hr class=\"wp-block-separator has-alpha-channel-opacity\"\/>\n\n\n\n<p><strong>csisz\u00e1r zolt\u00e1nn\u00e9<\/strong><\/p>\n\n\n\n<p>SZIASZTOK.NAGYON TETSZIK AZ \u00daJ DEMOTOK,JO HALLGATNI.REM\u00c9LE\u00c9 SOK LESZ M\u00c9G&#8230;..IDA<\/p>\n\n\n\n<p>2008. febru\u00e1r 03. vas\u00e1rnap<\/p>\n\n\n\n<hr class=\"wp-block-separator has-alpha-channel-opacity\"\/>\n\n\n\n<p><strong>Ibolya \/seb\u00e9szet-Domb\u00f3v\u00e1r\/<\/strong><\/p>\n\n\n\n<p>Sziasztok! A tegnapi seb\u00e9sz buli megint fergetegesen siker\u00fclt, nagyot mulattunk. K\u00f6szi Nektek!<br>Klassz az oldal, meglepett, hogy rajta vagyok nem is ak\u00e1rmilyen szerk\u00f3ban.<br>Puszi Nektek! Tov\u00e1bbi sok sikert, Minden j\u00f3t Nektek!<br>Ha el\u0151bb nem, j\u00f6v\u0151re tal\u00e1lkozunk, vagy Gunarasban \u00fajra?<\/p>\n\n\n\n<p>2008. janu\u00e1r 12. szombat<\/p>\n\n\n\n<hr class=\"wp-block-separator has-alpha-channel-opacity\"\/>\n\n\n\n<p><strong>Kov\u00e1cs Kriszti\u00e1n (d\u00f6br\u00f6k\u00f6z)<\/strong><\/p>\n\n\n\n<p>Sziasztok nagyon jo lett az oldalatok jok a zen\u00e9tek. Majd egyszer elmegy\u00fcnk vagy elj\u00f6hetn\u00e9tek tov\u00e1bi sok sikert kiv\u00e1nunk az eg\u00e9sz csal\u00e1d<\/p>\n\n\n\n<p>2007. december 01. szombat<\/p>\n\n\n\n<hr class=\"wp-block-separator has-alpha-channel-opacity\"\/>\n\n\n\n<p><strong>Wolfn\u00e9 dr. Undi Sarolta<\/strong><\/p>\n\n\n\n<p>F\u00e9rjemmel m\u00e9gegyszer nagyon k\u00f6sz\u00f6nj\u00fck, hogy hozz\u00e1j\u00e1rultatok esk\u00fcv\u0151nk fantasztikus hangulat\u00e1hoz. Felt\u00e9tlen\u00fcl aj\u00e1nlani fogom a zenekart ismer\u0151seimnek!<\/p>\n\n\n\n<p>2007. november 22. cs\u00fct\u00f6rt\u00f6k<\/p>\n\n\n\n<hr class=\"wp-block-separator has-alpha-channel-opacity\"\/>\n\n\n\n<p><strong>B\u00e1cskain\u00e9 P\u00e1pai Katalin<\/strong><\/p>\n\n\n\n<p>K\u00f6sz\u00f6nj\u00fck nektek ezt a val\u00f3ban csod\u00e1latos \u00e9lm\u00e9nyt.<\/p>\n\n\n\n<p>2007. j\u00fanius 15. p\u00e9ntek<\/p>\n\n\n\n<hr class=\"wp-block-separator has-alpha-channel-opacity\"\/>\n\n\n\n<p><strong>B\u00e1cskain\u00e9 P\u00e1pai Katalin<\/strong><\/p>\n\n\n\n<p>2005 Augusztusban h\u00e1zasodtunk \u00f6ssze Kaposv\u00e1ron, ahol a talpal\u00e1val\u00f3t ti vagyis a WIK zenekar szolg\u00e1ltatt\u00e1tok.<\/p>\n\n\n\n<p>2007. j\u00fanius 15. p\u00e9ntek<\/p>\n\n\n\n<hr class=\"wp-block-separator has-alpha-channel-opacity\"\/>\n\n\n\n<p><strong>Swiderski G\u00e1bor &amp; Edina<\/strong><\/p>\n\n\n\n<p>Kedves Zenekar!Voltunk m\u00e1r j\u00f3 p\u00e1r buliban, de ilyen vid\u00e1m hangulatot amilyet k\u00e9t \u00e9jszak\u00e1n kereszt\u00fcl ti tudtatok teremteni m\u00e9g sehol sem \u00e9lt\u00fcnk meg.\u00c9lm\u00e9ny volt tapasztalni, hogy ti nem kiszolg\u00e1ltok minket, hanem szinte vel\u00fcnk buliztok. Nos ez igaz\u00e1n magas szakmai felk\u00e9sz\u00fclts\u00e9get \u00e9s nem kev\u00e9s gyakorlatot sugal.Telital\u00e1lat volt a m\u0171sorsz\u00e1mok \u00f6ssze\u00e1ll\u00edt\u00e1sa melyet az aktu\u00e1lis hangulat szerint rugalmasan v\u00e1ltoztatni tudtatok.Egyform\u00e1n j\u00f3 min\u0151s\u00e9gben sz\u00f3lt a szerel\u00e9s az \u00e9tterem nagyterm\u00e9ben \u00e9s m\u00e1snap a tet\u0151t\u00e9ri kis b\u00fcf\u00e9ben is.Nagyon sz\u00e9pen k\u00f6sz\u00f6nj\u00fck nektek a vel\u00fcnk buliz\u00f3 kol\u00e9g\u00e1ink nev\u00e9ben is a sz\u00ednvonalas sz\u00f3rakoztat\u00e1st \u00e9s a bar\u00e1ts\u00e1gos k\u00f6zvetlens\u00e9get.K\u00edv\u00e1nunk tov\u00e1bbi sz\u00e9p sikereket \u00e9s sok boldogs\u00e1got a csal\u00e1dnak!<br>Bar\u00e1ti \u00fcdv\u00f6zlettel: Swiderski G\u00e1bor &amp; Edina Budapestr\u0151l!<br>Ui: B\u00e1tran aj\u00e1nljuk minden kedves sz\u00f3rakozni v\u00e1gy\u00f3nak a Zenekart. NEM FOGSZ CSAL\u00d3DNI!<\/p>\n\n\n\n<p>2007. j\u00fanius 03. vas\u00e1rnap<\/p>\n\n\n\n<hr class=\"wp-block-separator has-alpha-channel-opacity\"\/>\n\n\n\n<p><strong>Szasza<\/strong><\/p>\n\n\n\n<p>Nagyon klassz volt a m\u00falt heti sz\u00fcli napi buli, k\u00f6szi nektek, a zene nagyon tetszett mindenkinek, juliusban tal\u00e1lkozunk. Sziasztok<\/p>\n\n\n\n<p>2007. \u00e1prilis 19. cs\u00fct\u00f6rt\u00f6k<\/p>\n\n\n\n<hr class=\"wp-block-separator has-alpha-channel-opacity\"\/>\n\n\n\n<p><strong>KOV\u00c1CS JEN\u0150<\/strong><\/p>\n\n\n\n<p>SZIASZTOK.<br>J\u00d3 A LAP, J\u00d3 A ZENE. GRATUL\u00c1LOK !<\/p>\n\n\n\n<p>2007. \u00e1prilis 12. cs\u00fct\u00f6rt\u00f6k<\/p>\n\n\n\n<hr class=\"wp-block-separator has-alpha-channel-opacity\"\/>\n\n\n\n<p><strong>Admin<\/strong><\/p>\n\n\n\n<p>\u00dcdv\u00f6z\u00f6lj\u00fck honlapunkon!<\/p>\n\n\n\n<p>2015. m\u00e1rcius 09. h\u00e9tf\u0151<\/p>\n\n\n\n<hr class=\"wp-block-separator has-alpha-channel-opacity\"\/>\n","protected":false},"excerpt":{"rendered":"<p>A legfrissebb \u00e9lm\u00e9nybesz\u00e1mol\u00f3k\u00e9rt k\u00e9rj\u00fck, tekints\u00e9k meg Facebook oldalunkat. No\u00e9mi \u00e9s B\u00e1lint Kedves WIK zenekar! K\u00f6sz\u00f6nj\u00fck, [&hellip;]<\/p>\n","protected":false},"author":1,"featured_media":0,"parent":0,"menu_order":0,"comment_status":"closed","ping_status":"closed","template":"","meta":{"footnotes":""},"class_list":["post-86","page","type-page","status-publish","hentry"],"_links":{"self":[{"href":"https:\/\/www.wikzenekar.hu\/index.php?rest_route=\/wp\/v2\/pages\/86","targetHints":{"allow":["GET"]}}],"collection":[{"href":"https:\/\/www.wikzenekar.hu\/index.php?rest_route=\/wp\/v2\/pages"}],"about":[{"href":"https:\/\/www.wikzenekar.hu\/index.php?rest_route=\/wp\/v2\/types\/page"}],"author":[{"embeddable":true,"href":"https:\/\/www.wikzenekar.hu\/index.php?rest_route=\/wp\/v2\/users\/1"}],"replies":[{"embeddable":true,"href":"https:\/\/www.wikzenekar.hu\/index.php?rest_route=%2Fwp%2Fv2%2Fcomments&post=86"}],"version-history":[{"count":10,"href":"https:\/\/www.wikzenekar.hu\/index.php?rest_route=\/wp\/v2\/pages\/86\/revisions"}],"predecessor-version":[{"id":201,"href":"https:\/\/www.wikzenekar.hu\/index.php?rest_route=\/wp\/v2\/pages\/86\/revisions\/201"}],"wp:attachment":[{"href":"https:\/\/www.wikzenekar.hu\/index.php?rest_route=%2Fwp%2Fv2%2Fmedia&parent=86"}],"curies":[{"name":"wp","href":"https:\/\/api.w.org\/{rel}","templated":true}]}}